{"id":1682,"date":"2023-07-09T17:32:18","date_gmt":"2023-07-09T15:32:18","guid":{"rendered":"https:\/\/sanopack.com\/politica-privacidad\/"},"modified":"2025-07-27T11:16:56","modified_gmt":"2025-07-27T09:16:56","slug":"politica-de-privadesa","status":"publish","type":"page","link":"https:\/\/sanopack.com\/ca\/politica-de-privadesa\/","title":{"rendered":"Pol\u00edtica de privadesa"},"content":{"rendered":"\n<p>La privadesa de les seves dades \u00e9s molt important per a nosaltres. En aquesta declaraci\u00f3 de privadesa s&#8217;explica quines dades personals recopilem dels nostres usuaris i com les utilitzem. Us convidem a llegir detingudament aquests termes abans de facilitar les vostres dades personals en aquesta web.<\/p>\n\n\n\n<p>En aquesta p\u00e0gina es respecten i cuiden les dades personals dels usuaris. Com a usuari heu de saber que els vostres drets estan garantits.<\/p>\n\n\n\n<p>Cal advertir que aquesta Pol\u00edtica de Privadesa podria variar en funci\u00f3 d&#8217;exig\u00e8ncies legislatives o d&#8217;autoregulaci\u00f3, per la qual cosa s&#8217;aconsella als usuaris que la visitin peri\u00f2dicament. Ser\u00e0 aplicable en cas que els usuaris decideixin omplir algun formulari de qualsevol dels seus formularis de contacte on es demanin dades de car\u00e0cter personal.<\/p>\n\n\n\n<p>SANOPACK, S.L. ha adequat aquest web a les exig\u00e8ncies de la Llei Org\u00e0nica 3\/2018 LOPD-GDD de Protecci\u00f3 de Dades Personals i garantia de Drets Digitals, al Reglament (UE) 2016\/679 del Parlament Europeu i del Consell de 27 d&#8217;abril de 2016 relatiu a la protecci\u00f3 de les persones f\u00edsiques (RG0)2, aix\u00ed com de la de la Societat de la Informaci\u00f3 i Comer\u00e7 Electr\u00f2nic (LSSICE).<\/p>\n\n\n\n<h2 class=\"wp-block-heading\"><strong>Dades del responsable del fitxer<\/strong><\/h2>\n\n\n\n<ul class=\"wp-block-list\">\n<li>Identitat: SANOPACK, S.L.<\/li>\n\n\n\n<li>NIF: B17791716<\/li>\n\n\n\n<li>Direcci\u00f3: C\/ Tarragona, 78-80 (Pol. Ind. Casa Nova) 17181, AIGUAVIVA (Girona)<\/li>\n\n\n\n<li>Tel\u00e8fon: 972242371<\/li>\n\n\n\n<li>Email: adm@sanopack.com<\/li>\n<\/ul>\n\n\n\n<h2 class=\"wp-block-heading\">Proced\u00e8ncia de les dades i finalitats del tractament<\/h2>\n\n\n\n<p>Quan un usuari es connecta a aquesta web (www.sanopack.com), est\u00e0 facilitant informaci\u00f3 de car\u00e0cter personal de la qual \u00e9s responsable SANOPACK, S.L. Aquesta informaci\u00f3 pot incloure dades de car\u00e0cter personal com ara la vostra adre\u00e7a IP, nom, adre\u00e7a f\u00edsica, adre\u00e7a de correu electr\u00f2nic, n\u00famero de tel\u00e8fon i altra informaci\u00f3. En facilitar aquesta informaci\u00f3, l&#8217;usuari d\u00f3na el consentiment perqu\u00e8 la seva informaci\u00f3 sigui recopilada, utilitzada, gestionada i emmagatzemada per SANOPACK, S.L. nom\u00e9s com es descriu a l&#8217;Av\u00eds Legal ia la present Pol\u00edtica de Privadesa.<\/p>\n\n\n\n<p><strong>Altres finalitats:<\/strong><\/p>\n\n\n\n<ul class=\"wp-block-list\">\n<li>Garantir el compliment de les condicions d\u00fas i la llei aplicable. Aix\u00f2 pot incloure el desenvolupament d&#8217;eines i algoritmes que ajuden aquesta web a garantir la confidencialitat de les dades personals que recull.<\/li>\n\n\n\n<li>Donar suport i millorar els serveis que ofereix aquesta web.<\/li>\n\n\n\n<li>Es recullen altres dades no identificatives que s&#8217;obtenen mitjan\u00e7ant algunes galetes que es descarreguen a l&#8217;ordinador de l&#8217;usuari quan navega en aquesta web. L&#8217;usuari pot consultar en qualsevol moment la pol\u00edtica de galetes per ampliar informaci\u00f3 sobre l&#8217;\u00fas de galetes i com desactivar-les. M\u00e9s informaci\u00f3: \u201cPol\u00edtica de cookies\u201d.<\/li>\n\n\n\n<li>Gestionar les xarxes socials: SANOPACK, S.L. pot tenir pres\u00e8ncia a les xarxes socials. El tractament de les dades que es dugui a terme de les persones que es facin seguidores a les xarxes socials de la nostra p\u00e0gina web es regir\u00e0 per aquest apartat. Aix\u00ed com per aquelles condicions d\u00fas, pol\u00edtiques de privadesa i normatives dacc\u00e9s que pertanyin a la xarxa social que procedeixi en cada cas i acceptades pr\u00e8viament per lusuari. En cap cas utilitzarem els perfils de seguidors a les xarxes socials per enviar publicitat de manera individual.<\/li>\n<\/ul>\n\n\n\n<p>Per tant, les categories de dades que es tracten s\u00f3n \u00fanicament dades identificatives, excepte en cas que l&#8217;usuari envi\u00ef el seu curr\u00edculum. En aquest darrer cas, tamb\u00e9 tractarem amb dades acad\u00e8miques, professionals i personals. Per\u00f2, en cap cas, tractem amb categories de dades especialment protegides.<\/p>\n\n\n\n<h2 class=\"wp-block-heading\">Legitimaci\u00f3<\/h2>\n\n\n\n<p>La base legal per al tractament de les dades \u00e9s el consentiment de les persones interessades per a la tramitaci\u00f3 i la gesti\u00f3 de qualsevol sol\u00b7licitud d&#8217;informaci\u00f3 o consulta sobre els nostres serveis professionals, aix\u00ed com per a l&#8217;enviament de comunicacions comercials dutes a terme per SANOPACK, S.L.<\/p>\n\n\n\n<h2 class=\"wp-block-heading\">Destinataris<\/h2>\n\n\n\n<p>Per prestar serveis estrictament necessaris per al desenvolupament de l&#8217;activitat, compartim dades amb els seg\u00fcents prestadors sota les corresponents condicions de privadesa:<\/p>\n\n\n\n<ul class=\"wp-block-list\">\n<li><strong>Hosting<\/strong>: J. ORIOL VILA PLANAS (Iglu Media), amb domicili a Espanya, tracta les dades amb la finalitat de fer els serveis de hosting a SANOPACK, SL. Per a m\u00e9s informaci\u00f3, podeu consultar a https:\/\/www.iglumedia.com\/#<\/li>\n\n\n\n<li><strong>Plataforma web<\/strong>: WordPress.org tracta les dades amb la finalitat de realitzar els seus serveis de suport a la nostra p\u00e0gina web. Per a m\u00e9s informaci\u00f3, podeu consultar a\u00a0https:\/\/wordpress.org\/<\/li>\n\n\n\n<li><strong>Servei d&#8217;an\u00e0lisi<\/strong>: Google Analytics \u00e9s un servei anal\u00edtic de web prestat per Google, l&#8217;oficina principal del qual es troba als EUA. Google Analytics utilitza \u201ccookies\u201d, que s\u00f3n arxius de text ubicats al vostre ordinador, per ajudar a www.sistemb.com analitzar l&#8217;\u00fas que fan els usuaris del lloc web. La informaci\u00f3 que genera la galeta sobre el seu \u00fas de www.sanopack.com (incloent-hi la seva adre\u00e7a IP) ser\u00e0 directament transmesa i arxivada per Google als servidors dels Estats Units.<\/li>\n<\/ul>\n\n\n\n<h2 class=\"wp-block-heading\">Per\u00edode temps emmagatzemats<\/h2>\n\n\n\n<p>Les dades personals proporcionades seran conservades durant el temps necessari per a la realitzaci\u00f3 de les activitats anteriorment detallada i no se sol\u00b7licite la supressi\u00f3 per part de l&#8217;interessat.<\/p>\n\n\n\n<h2 class=\"wp-block-heading\">Drets<\/h2>\n\n\n\n<p>Aquests drets s\u00f3n essencials en protecci\u00f3 de dades perqu\u00e8 us permeten decidir sobre la vostra pr\u00f2pia informaci\u00f3. Com a usuari, podreu dirigir les vostres comunicacions i exercitar els vostres drets seguint les formalitats imposades per la Llei Org\u00e0nica 3\/2018 LOPD-GDD de Protecci\u00f3 de Dades Personals i garantia de Drets Digitals, i el seu Reglament de Desenvolupament.<\/p>\n\n\n\n<p>Qualsevol persona t\u00e9 dret a obtenir confirmaci\u00f3 sobre si a www.sanopack.com es tracten dades personals que li concerneixen, o no.<\/p>\n\n\n\n<p>Les persones interessades tenen dret a:<\/p>\n\n\n\n<ul class=\"wp-block-list\">\n<li>Sol\u00b7licitar l&#8217;acc\u00e9s a les dades personals relatives a l&#8217;interessat<\/li>\n\n\n\n<li>Sol\u00b7licitar-ne la rectificaci\u00f3 o supressi\u00f3<\/li>\n\n\n\n<li>Sol\u00b7licitar la limitaci\u00f3 del tractament<\/li>\n\n\n\n<li>Oposar-se al tractament<\/li>\n\n\n\n<li>Sol\u00b7licitar la portabilitat de les dades<\/li>\n<\/ul>\n\n\n\n<p>Els interessats podran accedir a les seves dades personals, aix\u00ed com a sol\u00b7licitar la rectificaci\u00f3 de les dades inexactes o, si escau, sol\u00b7licitar la seva supressi\u00f3 quan, entre altres motius, les dades ja no siguin necess\u00e0ries per als fins que van ser recollits.<\/p>\n\n\n\n<p>En determinades circumst\u00e0ncies, els interessats podran sol\u00b7licitar la limitaci\u00f3 del tractament de les seves dades, i en aquest cas \u00fanicament les conservarem per a l&#8217;exercici o la defensa de reclamacions.<\/p>\n\n\n\n<p>En determinades circumst\u00e0ncies i per motius relacionats amb la seva situaci\u00f3 particular, els interessats podran oposar-se al tractament de les seves dades. SANOPACK, S.L.<\/p>\n\n\n\n<p>Tamb\u00e9 podran sol\u00b7licitar la&nbsp;portabilitat&nbsp;de les seves dades quan sigui t\u00e8cnicament possible que les dades personals es transmetin directament de responsable a responsable.<\/p>\n\n\n\n<p>Els interessats tamb\u00e9 tenen dret a la tutela judicial efectiva ia presentar una reclamaci\u00f3 davant de l&#8217;autoritat de control, en aquest cas, l&#8217;Ag\u00e8ncia Espanyola de Protecci\u00f3 de Dades, si consideren que el tractament de dades personals que li concerneixen infringeix el Reglament.<\/p>\n\n\n\n<p>Podreu exercitar aquests drets a trav\u00e9s del nostre correu electr\u00f2nic adm@sanopack.com, juntament amb la fotoc\u00f2pia del vostre DNI.<\/p>\n\n\n\n<h2 class=\"wp-block-heading\">Secret i seguretat de les dades<\/h2>\n\n\n\n<p>SANOPACK, S.L. es compromet en l&#8217;\u00fas i el tractament de les dades incloses personals dels usuaris, respectant-ne la confidencialitat ia utilitzar-les d&#8217;acord amb la finalitat d&#8217;aquest, aix\u00ed com a donar compliment a la seva obligaci\u00f3 de guardar-les i adaptar totes les mesures per evitar l&#8217;alteraci\u00f3, la p\u00e8rdua, el tractament o l&#8217;acc\u00e9s no autoritzat, de conformitat amb el que estableix la normativa vigent de protecci\u00f3 de dades.<\/p>\n\n\n\n<p>SANOPACK, S.L. no pot garantir l&#8217;absoluta impugnabilitat de la xarxa Internet i, per tant, la violaci\u00f3 de les dades mitjan\u00e7ant accessos fraudulents per part de tercers.<\/p>\n\n\n\n<h2 class=\"wp-block-heading\">Exactitud i veracitat de les dades<\/h2>\n\n\n\n<p>L&#8217;usuari garanteix que les dades personals facilitades a trav\u00e9s dels diferents formularis s\u00f3n veraces, i queden obligats a comunicar-ne qualsevol modificaci\u00f3. Igualment, l&#8217;usuari garanteix que tota la informaci\u00f3 facilitada correspon a la situaci\u00f3 real, que est\u00e0 posada al dia i \u00e9s exacta. A m\u00e9s, l&#8217;usuari s&#8217;obliga a mantenir en tot moment les seves dades actualitzades, essent l&#8217;\u00fanic responsable de la inexactitud o falsedat de les dades facilitades i dels perjudicis que pugui causar a SANOPACK, S.L. com a titular de la web www.sanopack.com<\/p>\n\n\n\n<h2 class=\"wp-block-heading\">Acceptaci\u00f3 i consentiment<\/h2>\n\n\n\n<p>L&#8217;usuari declara haver estat informat de les condicions sobre protecci\u00f3 de dades de car\u00e0cter personal, acceptant i consentint-ne el tractament per part de SANOPACK, S.L., en la forma i per a les finalitats indicades en aquesta pol\u00edtica de privadesa.<\/p>\n\n\n\n<h2 class=\"wp-block-heading\">Revocabilitat<\/h2>\n\n\n\n<p>El consentiment prestat, tant per al tractament com per a la cessi\u00f3 de les dades dels interessats, \u00e9s revocable en qualsevol moment comunicant-ho a SANOPACK, S.L. en els termes establerts en aquesta Pol\u00edtica per a lexercici dels drets comentats anteriorment. Aquesta revocaci\u00f3 en cap cas no t\u00e9 car\u00e0cter retroactiu.<\/p>\n\n\n\n<h2 class=\"wp-block-heading\">Canvis a la Present Pol\u00edtica de Privadesa<\/h2>\n\n\n\n<p>SANOPACK, S.L. es reserva el dret a modificar aquesta pol\u00edtica per adaptar-la a novetats legislatives o jurisprudencials, aix\u00ed com a pr\u00e0ctiques de la ind\u00fastria.Darrera actualitzaci\u00f3: 03\/02\/2022<\/p>\n\n\n\n<h2 class=\"wp-block-heading\">Correus Comercials<\/h2>\n\n\n\n<p>D&#8217;acord amb LSSICE, SANOPACK, S.L. no fa pr\u00e0ctiques de SPAM, per la qual cosa no envia correus comercials per via electr\u00f2nica que no hagin estat pr\u00e8viament sol\u00b7licitats o autoritzats per l&#8217;usuari. En conseq\u00fc\u00e8ncia, a totes les comunicacions que rebr\u00e0 del prestador, l&#8217;usuari t\u00e9 la possibilitat de cancel\u00b7lar el seu consentiment expr\u00e9s per rebre les nostres comunicacions.<\/p>\n\n\n\n<p>Gr\u00e0cies pel temps dedicat a llegir la nostra pol\u00edtica de privadesa.<\/p>\n","protected":false},"excerpt":{"rendered":"<p>La privadesa de les seves dades \u00e9s molt important per a nosaltres. En aquesta declaraci\u00f3 de privadesa s&#8217;explica quines dades personals recopilem dels nostres usuaris i com les utilitzem. Us convidem a llegir detingudament aquests termes abans de facilitar les vostres dades personals en aquesta web. En aquesta p\u00e0gina es respecten i cuiden les dades [&hellip;]<\/p>\n","protected":false},"author":1,"featured_media":0,"parent":0,"menu_order":0,"comment_status":"closed","ping_status":"open","template":"","meta":{"footnotes":""},"class_list":["post-1682","page","type-page","status-publish","hentry"],"yoast_head":"<!-- This site is optimized with the Yoast SEO plugin v26.3 - https:\/\/yoast.com\/wordpress\/plugins\/seo\/ -->\n<title>Pol\u00edtica de privadesa - Sanopack Innovation<\/title>\n<meta name=\"robots\" content=\"index, follow, max-snippet:-1, max-image-preview:large, max-video-preview:-1\" \/>\n<link rel=\"canonical\" href=\"https:\/\/sanopack.com\/ca\/politica-de-privadesa\/\" \/>\n<meta property=\"og:locale\" content=\"ca_ES\" \/>\n<meta property=\"og:type\" content=\"article\" \/>\n<meta property=\"og:title\" content=\"Pol\u00edtica de privadesa - Sanopack Innovation\" \/>\n<meta property=\"og:description\" content=\"La privadesa de les seves dades \u00e9s molt important per a nosaltres. En aquesta declaraci\u00f3 de privadesa s&#8217;explica quines dades personals recopilem dels nostres usuaris i com les utilitzem. Us convidem a llegir detingudament aquests termes abans de facilitar les vostres dades personals en aquesta web. En aquesta p\u00e0gina es respecten i cuiden les dades [&hellip;]\" \/>\n<meta property=\"og:url\" content=\"https:\/\/sanopack.com\/ca\/politica-de-privadesa\/\" \/>\n<meta property=\"og:site_name\" content=\"Sanopack Innovation\" \/>\n<meta property=\"article:modified_time\" content=\"2025-07-27T09:16:56+00:00\" \/>\n<meta name=\"twitter:card\" content=\"summary_large_image\" \/>\n<meta name=\"twitter:label1\" content=\"Temps estimat de lectura\" \/>\n\t<meta name=\"twitter:data1\" content=\"7 minuts\" \/>\n<script type=\"application\/ld+json\" class=\"yoast-schema-graph\">{\"@context\":\"https:\/\/schema.org\",\"@graph\":[{\"@type\":\"WebPage\",\"@id\":\"https:\/\/sanopack.com\/ca\/politica-de-privadesa\/\",\"url\":\"https:\/\/sanopack.com\/ca\/politica-de-privadesa\/\",\"name\":\"Pol\u00edtica de privadesa - Sanopack Innovation\",\"isPartOf\":{\"@id\":\"https:\/\/sanopack.com\/#website\"},\"datePublished\":\"2023-07-09T15:32:18+00:00\",\"dateModified\":\"2025-07-27T09:16:56+00:00\",\"breadcrumb\":{\"@id\":\"https:\/\/sanopack.com\/ca\/politica-de-privadesa\/#breadcrumb\"},\"inLanguage\":\"ca\",\"potentialAction\":[{\"@type\":\"ReadAction\",\"target\":[\"https:\/\/sanopack.com\/ca\/politica-de-privadesa\/\"]}]},{\"@type\":\"BreadcrumbList\",\"@id\":\"https:\/\/sanopack.com\/ca\/politica-de-privadesa\/#breadcrumb\",\"itemListElement\":[{\"@type\":\"ListItem\",\"position\":1,\"name\":\"Portada\",\"item\":\"https:\/\/sanopack.com\/\"},{\"@type\":\"ListItem\",\"position\":2,\"name\":\"Pol\u00edtica de privadesa\"}]},{\"@type\":\"WebSite\",\"@id\":\"https:\/\/sanopack.com\/#website\",\"url\":\"https:\/\/sanopack.com\/\",\"name\":\"Sanopack Innovation\",\"description\":\"Sanopack Innovation es una consultora y empresa de I+D que desarrolla soluciones de packaging y papeles alimentarios, protectores y circulares para la industria alimentaria y de la salud.\",\"publisher\":{\"@id\":\"https:\/\/sanopack.com\/#organization\"},\"potentialAction\":[{\"@type\":\"SearchAction\",\"target\":{\"@type\":\"EntryPoint\",\"urlTemplate\":\"https:\/\/sanopack.com\/?s={search_term_string}\"},\"query-input\":{\"@type\":\"PropertyValueSpecification\",\"valueRequired\":true,\"valueName\":\"search_term_string\"}}],\"inLanguage\":\"ca\"},{\"@type\":\"Organization\",\"@id\":\"https:\/\/sanopack.com\/#organization\",\"name\":\"Sanopack Innovation\",\"url\":\"https:\/\/sanopack.com\/\",\"logo\":{\"@type\":\"ImageObject\",\"inLanguage\":\"ca\",\"@id\":\"https:\/\/sanopack.com\/#\/schema\/logo\/image\/\",\"url\":\"https:\/\/sanopack.com\/wp-content\/uploads\/2023\/11\/sanopack.png\",\"contentUrl\":\"https:\/\/sanopack.com\/wp-content\/uploads\/2023\/11\/sanopack.png\",\"width\":249,\"height\":73,\"caption\":\"Sanopack Innovation\"},\"image\":{\"@id\":\"https:\/\/sanopack.com\/#\/schema\/logo\/image\/\"},\"sameAs\":[\"https:\/\/www.instagram.com\/sanopackinnovation\/\",\"https:\/\/www.linkedin.com\/company\/sanopackinnovation\/\"]}]}<\/script>\n<!-- \/ Yoast SEO plugin. -->","yoast_head_json":{"title":"Pol\u00edtica de privadesa - Sanopack Innovation","robots":{"index":"index","follow":"follow","max-snippet":"max-snippet:-1","max-image-preview":"max-image-preview:large","max-video-preview":"max-video-preview:-1"},"canonical":"https:\/\/sanopack.com\/ca\/politica-de-privadesa\/","og_locale":"ca_ES","og_type":"article","og_title":"Pol\u00edtica de privadesa - Sanopack Innovation","og_description":"La privadesa de les seves dades \u00e9s molt important per a nosaltres. En aquesta declaraci\u00f3 de privadesa s&#8217;explica quines dades personals recopilem dels nostres usuaris i com les utilitzem. Us convidem a llegir detingudament aquests termes abans de facilitar les vostres dades personals en aquesta web. En aquesta p\u00e0gina es respecten i cuiden les dades [&hellip;]","og_url":"https:\/\/sanopack.com\/ca\/politica-de-privadesa\/","og_site_name":"Sanopack Innovation","article_modified_time":"2025-07-27T09:16:56+00:00","twitter_card":"summary_large_image","twitter_misc":{"Temps estimat de lectura":"7 minuts"},"schema":{"@context":"https:\/\/schema.org","@graph":[{"@type":"WebPage","@id":"https:\/\/sanopack.com\/ca\/politica-de-privadesa\/","url":"https:\/\/sanopack.com\/ca\/politica-de-privadesa\/","name":"Pol\u00edtica de privadesa - Sanopack Innovation","isPartOf":{"@id":"https:\/\/sanopack.com\/#website"},"datePublished":"2023-07-09T15:32:18+00:00","dateModified":"2025-07-27T09:16:56+00:00","breadcrumb":{"@id":"https:\/\/sanopack.com\/ca\/politica-de-privadesa\/#breadcrumb"},"inLanguage":"ca","potentialAction":[{"@type":"ReadAction","target":["https:\/\/sanopack.com\/ca\/politica-de-privadesa\/"]}]},{"@type":"BreadcrumbList","@id":"https:\/\/sanopack.com\/ca\/politica-de-privadesa\/#breadcrumb","itemListElement":[{"@type":"ListItem","position":1,"name":"Portada","item":"https:\/\/sanopack.com\/"},{"@type":"ListItem","position":2,"name":"Pol\u00edtica de privadesa"}]},{"@type":"WebSite","@id":"https:\/\/sanopack.com\/#website","url":"https:\/\/sanopack.com\/","name":"Sanopack Innovation","description":"Sanopack Innovation es una consultora y empresa de I+D que desarrolla soluciones de packaging y papeles alimentarios, protectores y circulares para la industria alimentaria y de la salud.","publisher":{"@id":"https:\/\/sanopack.com\/#organization"},"potentialAction":[{"@type":"SearchAction","target":{"@type":"EntryPoint","urlTemplate":"https:\/\/sanopack.com\/?s={search_term_string}"},"query-input":{"@type":"PropertyValueSpecification","valueRequired":true,"valueName":"search_term_string"}}],"inLanguage":"ca"},{"@type":"Organization","@id":"https:\/\/sanopack.com\/#organization","name":"Sanopack Innovation","url":"https:\/\/sanopack.com\/","logo":{"@type":"ImageObject","inLanguage":"ca","@id":"https:\/\/sanopack.com\/#\/schema\/logo\/image\/","url":"https:\/\/sanopack.com\/wp-content\/uploads\/2023\/11\/sanopack.png","contentUrl":"https:\/\/sanopack.com\/wp-content\/uploads\/2023\/11\/sanopack.png","width":249,"height":73,"caption":"Sanopack Innovation"},"image":{"@id":"https:\/\/sanopack.com\/#\/schema\/logo\/image\/"},"sameAs":["https:\/\/www.instagram.com\/sanopackinnovation\/","https:\/\/www.linkedin.com\/company\/sanopackinnovation\/"]}]}},"_links":{"self":[{"href":"https:\/\/sanopack.com\/ca\/wp-json\/wp\/v2\/pages\/1682","targetHints":{"allow":["GET"]}}],"collection":[{"href":"https:\/\/sanopack.com\/ca\/wp-json\/wp\/v2\/pages"}],"about":[{"href":"https:\/\/sanopack.com\/ca\/wp-json\/wp\/v2\/types\/page"}],"author":[{"embeddable":true,"href":"https:\/\/sanopack.com\/ca\/wp-json\/wp\/v2\/users\/1"}],"replies":[{"embeddable":true,"href":"https:\/\/sanopack.com\/ca\/wp-json\/wp\/v2\/comments?post=1682"}],"version-history":[{"count":1,"href":"https:\/\/sanopack.com\/ca\/wp-json\/wp\/v2\/pages\/1682\/revisions"}],"predecessor-version":[{"id":1684,"href":"https:\/\/sanopack.com\/ca\/wp-json\/wp\/v2\/pages\/1682\/revisions\/1684"}],"wp:attachment":[{"href":"https:\/\/sanopack.com\/ca\/wp-json\/wp\/v2\/media?parent=1682"}],"curies":[{"name":"wp","href":"https:\/\/api.w.org\/{rel}","templated":true}]}}